{"id":230,"date":"2021-01-08T15:37:20","date_gmt":"2021-01-08T14:37:20","guid":{"rendered":"https:\/\/mariaisabel.mdrurales.com\/?page_id=230"},"modified":"2021-09-30T11:36:46","modified_gmt":"2021-09-30T09:36:46","slug":"consagracion","status":"publish","type":"page","link":"https:\/\/mariaisabel.mdrurales.com\/?page_id=230","title":{"rendered":"CONSAGRACIONES"},"content":{"rendered":"<div id=\"pl-230\"  class=\"panel-layout\" ><div id=\"pg-230-0\"  class=\"panel-grid panel-has-style\" ><div class=\"siteorigin-panels-stretch panel-row-style panel-row-style-for-230-0\" data-stretch-type=\"full-stretched\" ><div id=\"pgc-230-0-0\"  class=\"panel-grid-cell\" ><div id=\"panel-230-0-0-0\" class=\"so-panel widget widget_sow-hero panel-first-child panel-last-child\" data-index=\"0\" ><div\n\t\t\t\n\t\t\tclass=\"so-widget-sow-hero so-widget-sow-hero-default-cf7a20ad471d-230 so-widget-fittext-wrapper\"\n\t\t\t data-fit-text-compressor=\"0.85\"\n\t\t>\t\t\t\t<div class=\"sow-slider-base\" style=\"display: none\" tabindex=\"0\">\n\t\t\t\t\t<ul\n\t\t\t\t\tclass=\"sow-slider-images\"\n\t\t\t\t\tdata-settings=\"{&quot;pagination&quot;:true,&quot;speed&quot;:800,&quot;timeout&quot;:8000,&quot;paused&quot;:false,&quot;pause_on_hover&quot;:false,&quot;swipe&quot;:true,&quot;nav_always_show_desktop&quot;:&quot;&quot;,&quot;nav_always_show_mobile&quot;:&quot;&quot;,&quot;breakpoint&quot;:&quot;780px&quot;,&quot;unmute&quot;:false,&quot;anchor&quot;:null}\"\n\t\t\t\t\tstyle=\"min-height: 400px\"\t\t\t\t\tdata-anchor-id=\"\"\n\t\t\t\t>\t\t<li class=\"sow-slider-image  sow-slider-image-cover\" style=\"visibility: visible;;background-color: #444444;background-image: url(https:\/\/mariaisabel.mdrurales.com\/wp-content\/uploads\/2021\/09\/CORAZON-G.-e1631446387474.jpg)\" >\n\t\t\t\t\t<div class=\"sow-slider-image-container\">\n\t\t\t<div class=\"sow-slider-image-wrapper\">\n\t\t\t\t\t\t\t<\/div>\n\t\t<\/div>\n\t\t\t\t<\/li>\n\t\t<\/ul>\t\t\t\t<ol class=\"sow-slider-pagination\">\n\t\t\t\t\t\t\t\t\t\t\t<li><a href=\"#\" data-goto=\"0\" aria-label=\"mostrar diapositiva 1\"><\/a><\/li>\n\t\t\t\t\t\t\t\t\t<\/ol>\n\n\t\t\t\t<div class=\"sow-slide-nav sow-slide-nav-next\">\n\t\t\t\t\t<a href=\"#\" data-goto=\"next\" aria-label=\"diapositiva siguiente\" data-action=\"next\">\n\t\t\t\t\t\t<em class=\"sow-sld-icon-thin-right\"><\/em>\n\t\t\t\t\t<\/a>\n\t\t\t\t<\/div>\n\n\t\t\t\t<div class=\"sow-slide-nav sow-slide-nav-prev\">\n\t\t\t\t\t<a href=\"#\" data-goto=\"previous\" aria-label=\"diapositiva anterior\" data-action=\"prev\">\n\t\t\t\t\t\t<em class=\"sow-sld-icon-thin-left\"><\/em>\n\t\t\t\t\t<\/a>\n\t\t\t\t<\/div>\n\t\t\t\t<\/div><\/div><\/div><\/div><\/div><\/div><div id=\"pg-230-1\"  class=\"panel-grid panel-has-style\" ><div class=\"siteorigin-panels-stretch panel-row-style panel-row-style-for-230-1\" data-stretch-type=\"full-stretched\" ><div id=\"pgc-230-1-0\"  class=\"panel-grid-cell\" ><div id=\"panel-230-1-0-0\" class=\"so-panel widget widget_sow-headline panel-first-child panel-last-child\" data-index=\"1\" ><div\n\t\t\t\n\t\t\tclass=\"so-widget-sow-headline so-widget-sow-headline-default-b1af90811e88-230 so-widget-fittext-wrapper\"\n\t\t\t data-fit-text-compressor=\"0.85\"\n\t\t><div class=\"sow-headline-container \">\n\t\t\t\t\t\t\t<h1 class=\"sow-headline\">\n\t\t\t\t\t\t\"A m\u00ed lo que me pasa es que estoy enamorada del Se\u00f1or\"\t\t\t\t\t\t<\/h1>\n\t\t\t\t\t\t\t\t\t\t\t\t<h5 class=\"sow-sub-headline\">\n\t\t\t\t\t\tMar\u00eda Isabel\t\t\t\t\t\t<\/h5>\n\t\t\t\t\t\t<\/div>\n<\/div><\/div><\/div><\/div><\/div><div id=\"pg-230-2\"  class=\"panel-grid panel-has-style\" ><div class=\"siteorigin-panels-stretch panel-row-style panel-row-style-for-230-2\" data-stretch-type=\"full\" ><div id=\"pgc-230-2-0\"  class=\"panel-grid-cell\" ><div id=\"panel-230-2-0-0\" class=\"so-panel widget widget_sow-headline panel-first-child panel-last-child\" data-index=\"2\" ><div\n\t\t\t\n\t\t\tclass=\"so-widget-sow-headline so-widget-sow-headline-default-52b4ac1ef306-230 so-widget-fittext-wrapper\"\n\t\t\t data-fit-text-compressor=\"0.85\"\n\t\t><div class=\"sow-headline-container \">\n\t\t\t\t\t\t\t<h1 class=\"sow-headline\">\n\t\t\t\t\t\tCONSAGRACIONES\t\t\t\t\t\t<\/h1>\n\t\t\t\t\t\t<\/div>\n<\/div><\/div><\/div><\/div><\/div><div id=\"pg-230-3\"  class=\"panel-grid panel-has-style\" ><div class=\"siteorigin-panels-stretch panel-row-style panel-row-style-for-230-3\" data-stretch-type=\"full\" ><div id=\"pgc-230-3-0\"  class=\"panel-grid-cell\" ><div id=\"panel-230-3-0-0\" class=\"so-panel widget widget_sow-editor panel-first-child panel-last-child\" data-index=\"3\" ><div\n\t\t\t\n\t\t\tclass=\"so-widget-sow-editor so-widget-sow-editor-base\"\n\t\t\t\n\t\t><h3 class=\"widget-title\">\"...QUEMA, CORTA, RASGA POR DONDE T\u00da QUIERAS...\"<\/h3>\n<div class=\"siteorigin-widget-tinymce textwidget\">\n\t<p><span style=\"font-size: 12pt;\">Mar\u00eda Isabel, el 20 de abril de 1920, comenz\u00f3 una tanda de Ejercicios Espirituales a los que acudi\u00f3 sin ganas y por cumplir. Los primeros d\u00edas estaba fr\u00eda, aburrida y sin devoci\u00f3n pero de repente, cuando el jesuita que los dirig\u00eda, el P. Pedro Castro, les habl\u00f3 de la Magdalena, explicaba ella misma que, sin saber c\u00f3mo, se sinti\u00f3 \u201cenamorada\u201d del Se\u00f1or. Dec\u00eda que la generosidad con que el Se\u00f1or perdon\u00f3 a Mar\u00eda Magdalena fue como un foco de luz que le hizo ver la amabilidad, belleza y poder de Dios. En ese momento descubri\u00f3 los sentimientos de su Coraz\u00f3n divino y se llen\u00f3 de su amorosa presencia. Pocos meses despu\u00e9s, en julio, escrib\u00eda:<\/span><span style=\"font-size: 14pt; text-align: center;\"><span style=\"font-size: 12pt;\">&nbsp; &nbsp;<\/span> &nbsp; &nbsp;&nbsp;<\/span><\/p>\n<p style=\"text-align: center;\">&nbsp;&nbsp;&nbsp;&nbsp;&nbsp;&nbsp;&nbsp;&nbsp;&nbsp;&nbsp;&nbsp;&nbsp;<em> <span style=\"font-size: 14pt; color: #333399;\">\u201cJes\u00fas de mi alma, Esposo dulc\u00edsimo de mi coraz\u00f3n, aqu\u00ed me tienes postrada a tus plantas para ofrecerme a sufrir &nbsp;todo lo que T\u00fa quieras, <strong>yo quiero ser tu esposa de sangre<\/strong>, quiero estar crucificada contigo, quiero a imitaci\u00f3n tuya ser coronada de espinas, azotada, crucificada, despreciada, abandonada, calumniada, echa un crucifijo. Jes\u00fas m\u00edo este es mi ardent\u00edsimo deseo y de no hacerlo as\u00ed qu\u00edtame, Se\u00f1or, la vida pues no quiero vida que no sea transformada en Ti. Dame tu gracia y quema, corta, rasga por donde T\u00fa quieras, que yo dir\u00e9: He aqu\u00ed a tu Magdalena, h\u00e1gase en m\u00ed seg\u00fan tu Voluntad.\u201d<\/span><\/em><\/p>\n<p><span style=\"font-size: 14pt;\">&nbsp; &nbsp; &nbsp; &nbsp; &nbsp; &nbsp; &nbsp; &nbsp; &nbsp; &nbsp; &nbsp; &nbsp; &nbsp; &nbsp; &nbsp; &nbsp; &nbsp; &nbsp; &nbsp; &nbsp; &nbsp; &nbsp; &nbsp; &nbsp; &nbsp; &nbsp; &nbsp; &nbsp; &nbsp; &nbsp; &nbsp; &nbsp; &nbsp; &nbsp; &nbsp; &nbsp; &nbsp; &nbsp; &nbsp; &nbsp; &nbsp; &nbsp; &nbsp; &nbsp; &nbsp; &nbsp; &nbsp; &nbsp; &nbsp; &nbsp; &nbsp; &nbsp; &nbsp; &nbsp; &nbsp; &nbsp; &nbsp; &nbsp; &nbsp; &nbsp;<\/span><\/p>\n<\/div>\n<\/div><\/div><\/div><div id=\"pgc-230-3-1\"  class=\"panel-grid-cell\" ><div id=\"panel-230-3-1-0\" class=\"so-panel widget widget_sow-editor panel-first-child panel-last-child\" data-index=\"4\" ><div\n\t\t\t\n\t\t\tclass=\"so-widget-sow-editor so-widget-sow-editor-base\"\n\t\t\t\n\t\t><h3 class=\"widget-title\">\"TE OFREZCO MI VIDA Y CUANTO POSEO\"<\/h3>\n<div class=\"siteorigin-widget-tinymce textwidget\">\n\t<p>Entre tanto el 9 de octubre de 1920 dej\u00f3 definitivamente el mundo y se retir\u00f3 a Belmez (C\u00f3rdoba) para comenzar all\u00ed una vida m\u00e1s recogida. Por entonces su director, el P. Castro, fue destinado a las islas Carolinas y con ello pens\u00f3 que bien podr\u00eda ser \u00e9sta, para ella tambi\u00e9n, la voluntad de Dios, por lo que con gran disposici\u00f3n de \u00e1nimo hizo una consagraci\u00f3n al Coraz\u00f3n de Jes\u00fas ofreci\u00e9ndose a dedicar su vida a la salvaci\u00f3n de los pr\u00f3jimos entre los infieles:<\/p>\n<blockquote>\n<p style=\"text-align: center;\"><em><span style=\"font-size: 14pt; color: #993300;\">\u201cJhs<\/span><\/em><\/p>\n<p style=\"text-align: center;\"><em><span style=\"font-size: 14pt; color: #993300;\">&nbsp;Jes\u00fas dulc\u00edsimo, verdadero due\u00f1o de mi alma y mi \u00fanico amor. Yo, la m\u00e1s pobre y la \u00faltima de tus criaturas me consagro a tu Coraz\u00f3n para siempre y te ofrezco mis deseos de dedicar mi vida a la salvaci\u00f3n de mis pr\u00f3jimos, y\u00e9ndome a las misiones entre infieles y dedicando a esto cuanto poseo. T\u00fa que me diste estos deseos, dame gracia para ponerlos por obra, si es tu Voluntad y, si te agradan, <strong>conc\u00e9deme como premio que d\u00e9 la vida por Ti por el martirio<\/strong>. Y para que veas mi firme voluntad escribo y firmo todo esto con mi sangre que quisiera derramar por tu amor.<\/span><\/em><\/p>\n<p style=\"text-align: center;\"><em><span style=\"font-size: 14pt; color: #993300;\">&nbsp;Mar\u00eda Isabel G. del Valle<\/span><\/em><\/p>\n<p style=\"text-align: center;\"><em><span style=\"font-size: 14pt; color: #993300;\">Belmez, 17-XI-1920<\/span><\/em><\/p>\n<p style=\"text-align: center;\"><em><span style=\"font-size: 14pt; color: #993300;\">&nbsp;A.M.D.G.\u201d<\/span><\/em><\/p>\n<\/blockquote>\n<\/div>\n<\/div><\/div><\/div><\/div><\/div><div id=\"pg-230-4\"  class=\"panel-grid panel-has-style\" ><div class=\"siteorigin-panels-stretch panel-row-style panel-row-style-for-230-4\" data-stretch-type=\"full\" ><div id=\"pgc-230-4-0\"  class=\"panel-grid-cell\" ><div id=\"panel-230-4-0-0\" class=\"so-panel widget widget_sow-editor panel-first-child panel-last-child\" data-index=\"5\" ><div\n\t\t\t\n\t\t\tclass=\"so-widget-sow-editor so-widget-sow-editor-base\"\n\t\t\t\n\t\t><h3 class=\"widget-title\">\"M\u00c9TEME EN TU CORAZ\u00d3N DIVINO...\"<\/h3>\n<div class=\"siteorigin-widget-tinymce textwidget\">\n\t<p>El feliz encuentro de Mar\u00eda Isabel con el Beato Tiburcio Arnaiz S.J., el 17 de enero de 1921, sucedi\u00f3 precisamente, buscando ella el modo de llevar a cabo este sue\u00f1o de las misiones entre infieles. Fue la providencia de Dios la que los uni\u00f3 para llevar a cabo, sin pretenderlo ninguno de los dos, la fundaci\u00f3n de la \u201cObra de las Doctrinas Rurales\u201d. Mar\u00eda Isabel tra\u00eda la intuici\u00f3n y el deseo ardiente por lo que fue la pieza clave de la idea que bull\u00eda en la mente del P. Arnaiz, preocupado por el abandono de las gentes que viv\u00edan en los campos.<\/p>\n<p>Al fallecer el P. Arnaiz, Mar\u00eda Isabel qued\u00f3 sola y muy incomprendida. Hubo de sortear infinidad de dificultades y tribulaciones pues eran poqu\u00edsimos los que la apoyaban. Sin embargo su coraz\u00f3n enamorado no se arredr\u00f3 ante nada y prueba de ello es otra consagraci\u00f3n que volvi\u00f3 a escribir con su sangre el primer viernes de octubre de 1928, en la que refleja de un modo vehemente el abandono de su persona y trabajos apost\u00f3licos en el Coraz\u00f3n de Cristo:<\/p>\n<p style=\"text-align: center;\"><em><span style=\"font-size: 14pt; color: #993300;\">\u201cJHS&nbsp;<\/span><\/em><\/p>\n<p style=\"text-align: center;\"><em><span style=\"font-size: 14pt; color: #993300;\">Jes\u00fas m\u00edo, Amor verdadero de mi alma. Puesta de rodillas delante de Ti y en presencia de la Sant\u00edsima Trinidad, de tu Madre Pur\u00edsima y de todos los \u00c1ngeles y Santos, consagro irrevocablemente a tu Coraz\u00f3n Sant\u00edsimo las Doctrinas y todos mis trabajos. Te ruego que desde hoy te consideres su \u00fanico director y apoyo en el cielo y en la tierra, y veles por ellas ya que tu amor fue su principio. Desde hoy, Se\u00f1or, no quiero tener otra preocupaci\u00f3n que la de servirte con fidelidad, segur\u00edsima de que T\u00fa velar\u00e1s por esta Obra de tu Coraz\u00f3n. Y para que pueda demostrarte con las obras la confianza llena de cari\u00f1o que en Ti tengo, ay\u00fadame a que sufra, sin quejarme ni hablar de ello, todo lo que tenga que sufrir por seguir esta vocaci\u00f3n a la que tan sin merecerlo me llamaste y en la que me conservas a pesar de lo mal que te sirvo. <strong>Imprime con fuerza en mi coraz\u00f3n el deseo de salvar las almas como T\u00fa las salvaste, con el sufrimiento, la humillaci\u00f3n y el abandono de todos<\/strong>. Se\u00f1or, T\u00fa sabes que, como te quiero con todas las fuerzas de mi ser, quiero ir por el mismo camino que T\u00fa y muy cerca de Ti, pero que no tengo fuerzas. Desde hoy m\u00e9teme en tu Coraz\u00f3n Divino y as\u00ed tendr\u00e9 fuerza y luz y alegr\u00eda al saberme tan unida a Ti.<\/span><\/em><\/p>\n<p style=\"text-align: center;\"><em><span style=\"font-size: 14pt; color: #993300;\">A Ti me entrego y mis trabajos, y escribo y firmo esta consagraci\u00f3n con mi sangre, pues en ella llevo el amor y la confianza que tengo en Ti. Coraz\u00f3n de mi Se\u00f1or, de tu amor lo espero todo.<\/span><\/em><\/p>\n<p style=\"text-align: center;\"><em><span style=\"font-size: 14pt; color: #993300;\">\u2013 Mar\u00eda Isabel -\u201d<\/span><\/em><\/p>\n<\/div>\n<\/div><\/div><\/div><div id=\"pgc-230-4-1\"  class=\"panel-grid-cell\" ><div id=\"panel-230-4-1-0\" class=\"so-panel widget widget_sow-editor panel-first-child panel-last-child\" data-index=\"6\" ><div\n\t\t\t\n\t\t\tclass=\"so-widget-sow-editor so-widget-sow-editor-base\"\n\t\t\t\n\t\t><h3 class=\"widget-title\">\"ESTAR UNIDA AL AMOR PARA AMAR\"<\/h3>\n<div class=\"siteorigin-widget-tinymce textwidget\">\n\t<p>Unos a\u00f1os despu\u00e9s, en marzo de 1933, durante su estancia en Roma, el P. Juan Antonio Segarra S.J. predic\u00f3 un retiro a Mar\u00eda Isabel y a sus tres primeras compa\u00f1eras: <strong>\u201cLa entronizaci\u00f3n del Coraz\u00f3n de Jes\u00fas en el propio coraz\u00f3n\u201d<\/strong>. Les expuso el sentido de este acto y las consecuencias que de \u00e9l se derivaban para la vida espiritual: siendo con Cristo un solo Cuerpo M\u00edstico, no cabe otro coraz\u00f3n, no puede haber otro que el de Cristo Jes\u00fas, para todo el Cuerpo y para cada uno de sus miembros\u2026 \u201cSentid en vosotros lo que os corresponde como a miembros de Cristo\u2026\u201d (Fil.2,5). Tener el Coraz\u00f3n de Jes\u00fas como propio no era sino vivir como hijos de Dios en su Hijo y participar de alg\u00fan modo en la vida interna de la Sant\u00edsima Trinidad.<\/p>\n<p>Despu\u00e9s de este retiro, el d\u00eda 25, d\u00eda de la Encarnaci\u00f3n, pidieron todas la entronizaci\u00f3n del Coraz\u00f3n de Jes\u00fas en su propio coraz\u00f3n. Desgraciadamente no conservamos la f\u00f3rmula con la que lo hicieron pero trascribimos un fragmento de carta en la que Mar\u00eda Isabel muestra c\u00f3mo la viv\u00eda:<\/p>\n<blockquote>\n<p><em><span style=\"font-size: 14pt; color: #333399;\">&nbsp;\u201c<strong>Toda la pr\u00e1ctica de la entronizaci\u00f3n consiste en hacer la voluntad de Dios, en servirle<\/strong>. Al hacer la entronizaci\u00f3n nos incorporamos a Cristo, es decir ya estamos desde el Bautismo, pero entonces apretamos m\u00e1s esa uni\u00f3n y nos metemos conscientemente en la Vida divina. \u00bfC\u00f3mo servir si se forma ya una sola cosa con el Se\u00f1or, y el amor hace que no se tenga m\u00e1s que una sola voluntad? Del Se\u00f1or no puedo entender que sea el \u2018Gran Siervo\u2019. Porque la voluntad del Padre cumplida por \u00c9l con tanto Amor, con el mismo Amor, \u00bfc\u00f3mo va a ser servicio? Yo no s\u00e9 si estar\u00e9 siendo un poquillo hereje porque me met\u00ed de tal manera en mi Se\u00f1or que conscientemente es como si no existiera; y, seg\u00fan pasa el tiempo, hasta inconscientemente voy perdiendo mi personalidad. Antes estaba llena de deseos de ser santa, de trabajar, de sufrir... ahora no tengo ni uno; y es en lo que no s\u00e9 si ser\u00e9 hereje. Porque me parece que soy miembro de Cristo y que un miembro no tiene deseos ni nada. Eso es cuenta del Coraz\u00f3n, y el miembro s\u00f3lo tiene&nbsp; que obedecer al alma (Esp\u00edritu Santo) o al Coraz\u00f3n. S\u00f3lo estar unida al Amor para amar. Pero ni m\u00e1s amor deseo. \u00bfNo tengo al Amor por Coraz\u00f3n? Pues no puedo amar m\u00e1s. A m\u00ed me va muy bien uni\u00e9ndome y apret\u00e1ndome al Se\u00f1or, queriendo con su Coraz\u00f3n al Padre y no acord\u00e1ndome ni de que existo. Y ahora caigo en la cuenta de que no es herej\u00eda porque \u2018\u00a1es Cristo quien vive en m\u00ed!\u2019. As\u00ed sea\u201d.<\/span><\/em><\/p>\n<\/blockquote>\n<\/div>\n<\/div><\/div><\/div><\/div><\/div><div id=\"pg-230-5\"  class=\"panel-grid panel-has-style\" ><div class=\"siteorigin-panels-stretch panel-row-style panel-row-style-for-230-5\" data-stretch-type=\"full-stretched\" ><div id=\"pgc-230-5-0\"  class=\"panel-grid-cell\" ><div id=\"panel-230-5-0-0\" class=\"so-panel widget widget_sow-hero panel-first-child panel-last-child\" data-index=\"7\" ><div\n\t\t\t\n\t\t\tclass=\"so-widget-sow-hero so-widget-sow-hero-default-904227933930-230 so-widget-fittext-wrapper\"\n\t\t\t data-fit-text-compressor=\"0.85\"\n\t\t>\t\t\t\t<div class=\"sow-slider-base\" style=\"display: none\" tabindex=\"0\">\n\t\t\t\t\t<ul\n\t\t\t\t\tclass=\"sow-slider-images\"\n\t\t\t\t\tdata-settings=\"{&quot;pagination&quot;:true,&quot;speed&quot;:800,&quot;timeout&quot;:8000,&quot;paused&quot;:true,&quot;pause_on_hover&quot;:false,&quot;swipe&quot;:true,&quot;nav_always_show_desktop&quot;:&quot;&quot;,&quot;nav_always_show_mobile&quot;:&quot;&quot;,&quot;breakpoint&quot;:&quot;780px&quot;,&quot;unmute&quot;:false,&quot;anchor&quot;:null}\"\n\t\t\t\t\tstyle=\"min-height: 400px\"\t\t\t\t\tdata-anchor-id=\"\"\n\t\t\t\t>\t\t<li class=\"sow-slider-image  sow-slider-image-cover\" style=\"visibility: visible;;background-color: #444444;background-image: url(https:\/\/mariaisabel.mdrurales.com\/wp-content\/uploads\/2021\/09\/MI-ESC-1.1.5-Consagracion-IMPRIME-1928-scaled-e1631460336415.jpg)\" >\n\t\t\t\t\t<div class=\"sow-slider-image-container\">\n\t\t\t<div class=\"sow-slider-image-wrapper\">\n\t\t\t\t\t\t\t<\/div>\n\t\t<\/div>\n\t\t\t\t<\/li>\n\t\t<\/ul>\t\t\t\t<ol class=\"sow-slider-pagination\">\n\t\t\t\t\t\t\t\t\t\t\t<li><a href=\"#\" data-goto=\"0\" aria-label=\"mostrar diapositiva 1\"><\/a><\/li>\n\t\t\t\t\t\t\t\t\t<\/ol>\n\n\t\t\t\t<div class=\"sow-slide-nav sow-slide-nav-next\">\n\t\t\t\t\t<a href=\"#\" data-goto=\"next\" aria-label=\"diapositiva siguiente\" data-action=\"next\">\n\t\t\t\t\t\t<em class=\"sow-sld-icon-thin-right\"><\/em>\n\t\t\t\t\t<\/a>\n\t\t\t\t<\/div>\n\n\t\t\t\t<div class=\"sow-slide-nav sow-slide-nav-prev\">\n\t\t\t\t\t<a href=\"#\" data-goto=\"previous\" aria-label=\"diapositiva anterior\" data-action=\"prev\">\n\t\t\t\t\t\t<em class=\"sow-sld-icon-thin-left\"><\/em>\n\t\t\t\t\t<\/a>\n\t\t\t\t<\/div>\n\t\t\t\t<\/div><\/div><\/div><\/div><\/div><\/div><\/div>","protected":false},"excerpt":{"rendered":"<p>\u00abA m\u00ed lo que me pasa es que estoy enamorada del Se\u00f1or\u00bb Mar\u00eda Isabel CONSAGRACIONES \u00ab&#8230;QUEMA, CORTA, RASGA POR DONDE T\u00da QUIERAS&#8230;\u00bb Mar\u00eda Isabel, el 20 de abril de 1920, comenz\u00f3 una tanda de Ejercicios Espirituales a los que acudi\u00f3 sin ganas y por cumplir. Los primeros d\u00edas estaba fr\u00eda, aburrida y sin devoci\u00f3n pero [&hellip;]<\/p>\n","protected":false},"author":1,"featured_media":163,"parent":0,"menu_order":0,"comment_status":"closed","ping_status":"closed","template":"","meta":{"ngg_post_thumbnail":0,"footnotes":""},"class_list":["post-230","page","type-page","status-publish","has-post-thumbnail","hentry","post","post-with-thumbnail","post-with-thumbnail-large"],"_links":{"self":[{"href":"https:\/\/mariaisabel.mdrurales.com\/index.php?rest_route=\/wp\/v2\/pages\/230","targetHints":{"allow":["GET"]}}],"collection":[{"href":"https:\/\/mariaisabel.mdrurales.com\/index.php?rest_route=\/wp\/v2\/pages"}],"about":[{"href":"https:\/\/mariaisabel.mdrurales.com\/index.php?rest_route=\/wp\/v2\/types\/page"}],"author":[{"embeddable":true,"href":"https:\/\/mariaisabel.mdrurales.com\/index.php?rest_route=\/wp\/v2\/users\/1"}],"replies":[{"embeddable":true,"href":"https:\/\/mariaisabel.mdrurales.com\/index.php?rest_route=%2Fwp%2Fv2%2Fcomments&post=230"}],"version-history":[{"count":66,"href":"https:\/\/mariaisabel.mdrurales.com\/index.php?rest_route=\/wp\/v2\/pages\/230\/revisions"}],"predecessor-version":[{"id":413,"href":"https:\/\/mariaisabel.mdrurales.com\/index.php?rest_route=\/wp\/v2\/pages\/230\/revisions\/413"}],"wp:featuredmedia":[{"embeddable":true,"href":"https:\/\/mariaisabel.mdrurales.com\/index.php?rest_route=\/wp\/v2\/media\/163"}],"wp:attachment":[{"href":"https:\/\/mariaisabel.mdrurales.com\/index.php?rest_route=%2Fwp%2Fv2%2Fmedia&parent=230"}],"curies":[{"name":"wp","href":"https:\/\/api.w.org\/{rel}","templated":true}]}}