{"id":703,"date":"2021-08-13T16:14:54","date_gmt":"2021-08-13T14:14:54","guid":{"rendered":"https:\/\/mariaisabel.mdrurales.com\/?page_id=703"},"modified":"2024-07-03T12:49:36","modified_gmt":"2024-07-03T10:49:36","slug":"pinceladas","status":"publish","type":"page","link":"https:\/\/mariaisabel.mdrurales.com\/?page_id=703","title":{"rendered":"PINCELADAS"},"content":{"rendered":"<div id=\"pl-703\"  class=\"panel-layout\" ><div id=\"pg-703-0\"  class=\"panel-grid panel-has-style\" ><div class=\"siteorigin-panels-stretch panel-row-style panel-row-style-for-703-0\" data-stretch-type=\"full-stretched\" ><div id=\"pgc-703-0-0\"  class=\"panel-grid-cell\" ><div id=\"panel-703-0-0-0\" class=\"so-panel widget widget_sow-hero panel-first-child panel-last-child\" data-index=\"0\" ><div class=\"panel-widget-style panel-widget-style-for-703-0-0-0\" ><div\n\t\t\t\n\t\t\tclass=\"so-widget-sow-hero so-widget-sow-hero-default-a48f472f0dc6-703 so-widget-fittext-wrapper\"\n\t\t\t\n\t\t>\t\t\t\t<div class=\"sow-slider-base\" style=\"display: none\" tabindex=\"0\">\n\t\t\t\t\t<ul\n\t\t\t\t\tclass=\"sow-slider-images\"\n\t\t\t\t\tdata-settings=\"{&quot;pagination&quot;:true,&quot;speed&quot;:800,&quot;timeout&quot;:8000,&quot;paused&quot;:true,&quot;pause_on_hover&quot;:false,&quot;swipe&quot;:true,&quot;nav_always_show_desktop&quot;:&quot;&quot;,&quot;nav_always_show_mobile&quot;:&quot;&quot;,&quot;breakpoint&quot;:&quot;780px&quot;,&quot;unmute&quot;:false,&quot;anchor&quot;:null}\"\n\t\t\t\t\t\t\t\t\t\tdata-anchor-id=\"\"\n\t\t\t\t>\t\t<li class=\"sow-slider-image  sow-slider-image-cover\" style=\"visibility: visible;;background-color: #444444\" >\n\t\t\t\t\t<div class=\"sow-slider-image-container\">\n\t\t\t<div class=\"sow-slider-image-wrapper\">\n\t\t\t\t<h1 style=\"text-align: left\">\"PINCELADAS\"<\/h1>\n<h3 style=\"text-align: left\">Datos biogr\u00e1ficos<\/h3>\n<p>&nbsp;<\/p>\n\t\t\t<\/div>\n\t\t<\/div>\n\t\t<div class=\"sow-slider-image-overlay sow-slider-image-cover\" style=\"opacity: 0.6;background-image: url(https:\/\/mariaisabel.mdrurales.com\/wp-content\/uploads\/2021\/08\/PhotoFunia-1629038585.jpg)\"  ><\/div>\t\t<\/li>\n\t\t<\/ul>\t\t\t\t<ol class=\"sow-slider-pagination\">\n\t\t\t\t\t\t\t\t\t\t\t<li><a href=\"#\" data-goto=\"0\" aria-label=\"mostrar diapositiva 1\"><\/a><\/li>\n\t\t\t\t\t\t\t\t\t<\/ol>\n\n\t\t\t\t<div class=\"sow-slide-nav sow-slide-nav-next\">\n\t\t\t\t\t<a href=\"#\" data-goto=\"next\" aria-label=\"diapositiva siguiente\" data-action=\"next\">\n\t\t\t\t\t\t<em class=\"sow-sld-icon-thin-right\"><\/em>\n\t\t\t\t\t<\/a>\n\t\t\t\t<\/div>\n\n\t\t\t\t<div class=\"sow-slide-nav sow-slide-nav-prev\">\n\t\t\t\t\t<a href=\"#\" data-goto=\"previous\" aria-label=\"diapositiva anterior\" data-action=\"prev\">\n\t\t\t\t\t\t<em class=\"sow-sld-icon-thin-left\"><\/em>\n\t\t\t\t\t<\/a>\n\t\t\t\t<\/div>\n\t\t\t\t<\/div><\/div><\/div><\/div><\/div><div id=\"pgc-703-0-1\"  class=\"panel-grid-cell\" ><div id=\"panel-703-0-1-0\" class=\"so-panel widget widget_sow-editor panel-first-child panel-last-child\" data-index=\"1\" ><div class=\"panel-widget-style panel-widget-style-for-703-0-1-0\" ><div\n\t\t\t\n\t\t\tclass=\"so-widget-sow-editor so-widget-sow-editor-base\"\n\t\t\t\n\t\t>\n<div class=\"siteorigin-widget-tinymce textwidget\">\n\t<ul>\n<li><span style=\"color: #ffffff;\">Naci\u00f3 en Oviedo, el 2 de julio de 1889.<\/span><\/li>\n<li><span style=\"color: #ffffff;\">Su conversi\u00f3n fue en Madrid durante unos Ejercicios Espirituales, en abril de 1920.<\/span><\/li>\n<li><span style=\"color: #ffffff;\">El 9 de octubre de 1920 dej\u00f3 definitivamente el mundo y se retir\u00f3 a B\u00e9lmez (C\u00f3rdoba) buscando la Voluntad de Dios.<\/span><\/li>\n<li><span style=\"color: #ffffff;\">El 17 de enero de 1921&nbsp; en M\u00e1laga conoci\u00f3 al Beato Tiburcio Arnaiz S.J. , a quien tom\u00f3 como director espiritual.<\/span><\/li>\n<li><span style=\"color: #ffffff;\">En enero de 1922&nbsp; subi\u00f3 a la Sierra de Gibralgalia pedan\u00eda de C\u00e1rtama y comenz\u00f3 la \u201cObra de las Doctrinas Rurales\".<\/span><\/li>\n<li><span style=\"color: #ffffff;\">El 18 de julio de 1926 muri\u00f3 en olor de santidad el P. Tiburcio Arnaiz.<\/span><\/li>\n<li><span style=\"color: #ffffff;\">El primer viernes de octubre de 1928 hizo una consagraci\u00f3n al Coraz\u00f3n de Jes\u00fas con su sangre pidi\u00e9ndole <strong><em>\u201cimprime con fuerza en mi coraz\u00f3n el deseo de salvar las almas como t\u00fa las salvaste con el sufrimiento, la humillaci\u00f3n y el abandono de todos\u201d.<\/em><\/strong><\/span><\/li>\n<li><span style=\"color: #ffffff;\">En el a\u00f1o de la Redenci\u00f3n de 1933 viaj\u00f3 a Roma donde conoci\u00f3 al P. Juan Antonio Segarra, jesuita que comprendi\u00f3 admirablemente su alma y el esp\u00edritu de la Obra.<\/span><\/li>\n<li><span style=\"color: #ffffff;\">El 25 de Marzo de 1933 Mar\u00eda Isabel con sus tres primeras compa\u00f1eras realizaron una consagraci\u00f3n que marc\u00f3 profundamente su vida espiritual: la \u201cEntronizaci\u00f3n del Coraz\u00f3n de Jes\u00fas en el propio coraz\u00f3n\u201d.<\/span><\/li>\n<li><span style=\"color: #ffffff;\">El 6 de junio de 1937 muri\u00f3 en Jerez de la Frontera.<\/span><\/li>\n<li><span style=\"color: #ffffff;\">El 6 de junio de 1954 fueron trasladados sus restos a&nbsp; la iglesia de la Sierra de Gibralgalia, su primera \"Doctrina\".<\/span><\/li>\n<li><span style=\"color: #ffffff;\">El 25 de noviembre de 2019 se abri\u00f3 el proceso diocesano de Beatificaci\u00f3n en la Di\u00f3cesis de M\u00e1laga.<\/span><\/li>\n<li><span style=\"color: #ffffff;\">El 18 de noviembre de 2023 tuvo lugar en la iglesia del Sdo. Coraz\u00f3n de M\u00e1laga el acto de apertura del Proceso de Canonizaci\u00f3n, presidido por el Sr. Obispo D. Jes\u00fas Catal\u00e1 Ib\u00e1nez.<\/span><\/li>\n<\/ul>\n<p>&nbsp;<\/p>\n<\/div>\n<\/div><\/div><\/div><\/div><\/div><\/div><\/div>","protected":false},"excerpt":{"rendered":"<p>Naci\u00f3 en Oviedo, el 2 de julio de 1889. Su conversi\u00f3n fue en Madrid durante unos Ejercicios Espirituales, en abril de 1920. El 9 de octubre de 1920 dej\u00f3 definitivamente el mundo y se retir\u00f3 a B\u00e9lmez (C\u00f3rdoba) buscando la Voluntad de Dios. El 17 de enero de 1921&nbsp; en M\u00e1laga conoci\u00f3 al Beato Tiburcio [&hellip;]<\/p>\n","protected":false},"author":1,"featured_media":0,"parent":0,"menu_order":0,"comment_status":"closed","ping_status":"closed","template":"","meta":{"ngg_post_thumbnail":0,"footnotes":""},"class_list":["post-703","page","type-page","status-publish","hentry","post"],"_links":{"self":[{"href":"https:\/\/mariaisabel.mdrurales.com\/index.php?rest_route=\/wp\/v2\/pages\/703","targetHints":{"allow":["GET"]}}],"collection":[{"href":"https:\/\/mariaisabel.mdrurales.com\/index.php?rest_route=\/wp\/v2\/pages"}],"about":[{"href":"https:\/\/mariaisabel.mdrurales.com\/index.php?rest_route=\/wp\/v2\/types\/page"}],"author":[{"embeddable":true,"href":"https:\/\/mariaisabel.mdrurales.com\/index.php?rest_route=\/wp\/v2\/users\/1"}],"replies":[{"embeddable":true,"href":"https:\/\/mariaisabel.mdrurales.com\/index.php?rest_route=%2Fwp%2Fv2%2Fcomments&post=703"}],"version-history":[{"count":85,"href":"https:\/\/mariaisabel.mdrurales.com\/index.php?rest_route=\/wp\/v2\/pages\/703\/revisions"}],"predecessor-version":[{"id":1948,"href":"https:\/\/mariaisabel.mdrurales.com\/index.php?rest_route=\/wp\/v2\/pages\/703\/revisions\/1948"}],"wp:attachment":[{"href":"https:\/\/mariaisabel.mdrurales.com\/index.php?rest_route=%2Fwp%2Fv2%2Fmedia&parent=703"}],"curies":[{"name":"wp","href":"https:\/\/api.w.org\/{rel}","templated":true}]}}